{"id":6554,"date":"2021-03-24T14:16:50","date_gmt":"2021-03-24T13:16:50","guid":{"rendered":"https:\/\/www.vanderplasgroup.com\/over-ftg\/"},"modified":"2025-03-03T11:27:29","modified_gmt":"2025-03-03T10:27:29","slug":"a-propos-de-vdp","status":"publish","type":"page","link":"https:\/\/www.vanderplasgroup.com\/fr\/a-propos-de-vdp\/","title":{"rendered":"\u00c0 propos de VDP Group"},"content":{"rendered":"<p><div class=\"fusion-fullwidth fullwidth-box fusion-builder-row-1 fusion-flex-container nonhundred-percent-fullwidth non-hundred-percent-height-scrolling yt-video-wrapper\" style=\"--awb-border-radius-top-left:0px;--awb-border-radius-top-right:0px;--awb-border-radius-bottom-right:0px;--awb-border-radius-bottom-left:0px;--awb-flex-wrap:wrap;\" ><div class=\"fusion-builder-row fusion-row fusion-flex-align-items-flex-start fusion-flex-content-wrap\" style=\"max-width:1248px;margin-left: calc(-4% \/ 2 );margin-right: calc(-4% \/ 2 );\"><div class=\"fusion-layout-column fusion_builder_column fusion-builder-column-0 fusion_builder_column_1_1 1_1 fusion-flex-column\" style=\"--awb-bg-size:cover;--awb-width-large:100%;--awb-margin-top-large:0px;--awb-spacing-right-large:1.92%;--awb-margin-bottom-large:0px;--awb-spacing-left-large:1.92%;--awb-width-medium:100%;--awb-order-medium:0;--awb-spacing-right-medium:1.92%;--awb-spacing-left-medium:1.92%;--awb-width-small:100%;--awb-order-small:0;--awb-spacing-right-small:1.92%;--awb-spacing-left-small:1.92%;\"><div class=\"fusion-column-wrapper fusion-column-has-shadow fusion-flex-justify-content-flex-start fusion-content-layout-column\"><div class=\"fusion-video fusion-youtube yt-video\" style=\"--awb-max-width:800px;--awb-max-height:450px;--awb-align-self:center;--awb-width:100%;\" data-autoplay=\"1\"><div class=\"video-shortcode\"><div class=\"fluid-width-video-wrapper\" style=\"padding-top:56.25%;\" ><iframe title=\"YouTube video player 1\" src=\"https:\/\/www.youtube.com\/embed\/RRqZeUxCwLA?wmode=transparent&autoplay=0&amp;controls=0&amp;loop=1&amp;modestbranding=1&amp;disablekb=1&amp;rel=0\" width=\"800\" height=\"450\" allowfullscreen allow=\"autoplay; clipboard-write; encrypted-media; gyroscope; picture-in-picture;\"><\/iframe><\/div><\/div><\/div><\/div><\/div><\/div><\/div><div class=\"fusion-fullwidth fullwidth-box fusion-builder-row-2 fusion-flex-container nonhundred-percent-fullwidth non-hundred-percent-height-scrolling\" style=\"--awb-border-radius-top-left:0px;--awb-border-radius-top-right:0px;--awb-border-radius-bottom-right:0px;--awb-border-radius-bottom-left:0px;--awb-flex-wrap:wrap;\" ><div class=\"fusion-builder-row fusion-row fusion-flex-align-items-flex-start fusion-flex-content-wrap\" style=\"max-width:1248px;margin-left: calc(-4% \/ 2 );margin-right: calc(-4% \/ 2 );\"><div class=\"fusion-layout-column fusion_builder_column fusion-builder-column-1 fusion_builder_column_1_5 1_5 fusion-flex-column\" style=\"--awb-bg-size:cover;--awb-width-large:20%;--awb-margin-top-large:0px;--awb-spacing-right-large:9.6%;--awb-margin-bottom-large:0px;--awb-spacing-left-large:9.6%;--awb-width-medium:20%;--awb-order-medium:0;--awb-spacing-right-medium:9.6%;--awb-spacing-left-medium:9.6%;--awb-width-small:100%;--awb-order-small:0;--awb-spacing-right-small:1.92%;--awb-spacing-left-small:1.92%;\"><div class=\"fusion-column-wrapper fusion-column-has-shadow fusion-flex-justify-content-flex-start fusion-content-layout-column\"><\/div><\/div><div class=\"fusion-layout-column fusion_builder_column fusion-builder-column-2 fusion_builder_column_3_5 3_5 fusion-flex-column\" style=\"--awb-bg-size:cover;--awb-width-large:60%;--awb-margin-top-large:0px;--awb-spacing-right-large:3.2%;--awb-margin-bottom-large:0px;--awb-spacing-left-large:3.2%;--awb-width-medium:60%;--awb-order-medium:0;--awb-spacing-right-medium:3.2%;--awb-spacing-left-medium:3.2%;--awb-width-small:100%;--awb-order-small:0;--awb-spacing-right-small:1.92%;--awb-spacing-left-small:1.92%;\"><div class=\"fusion-column-wrapper fusion-column-has-shadow fusion-flex-justify-content-flex-start fusion-content-layout-column\"><div class=\"fusion-text fusion-text-1 quote\" style=\"--awb-text-transform:none;\"><h4><strong>Van der Plas Group veut faire la bonne chose et la faire bien.<br \/>\nLes personnes et les relations y occupent une place centrale.<br \/>\n<\/strong>Nos entreprises familiales combinent des relations chaleureuses<br \/>\net des ann\u00e9es d&#8217;exp\u00e9rience avec des innovations durables et la<br \/>\nrapidit\u00e9 d&#8217;aujourd&#8217;hui.<\/h4>\n<\/div><\/div><\/div><div class=\"fusion-layout-column fusion_builder_column fusion-builder-column-3 fusion_builder_column_1_5 1_5 fusion-flex-column\" style=\"--awb-bg-size:cover;--awb-width-large:20%;--awb-margin-top-large:0px;--awb-spacing-right-large:9.6%;--awb-margin-bottom-large:0px;--awb-spacing-left-large:9.6%;--awb-width-medium:20%;--awb-order-medium:0;--awb-spacing-right-medium:9.6%;--awb-spacing-left-medium:9.6%;--awb-width-small:100%;--awb-order-small:0;--awb-spacing-right-small:1.92%;--awb-spacing-left-small:1.92%;\"><div class=\"fusion-column-wrapper fusion-column-has-shadow fusion-flex-justify-content-flex-start fusion-content-layout-column\"><\/div><\/div><\/div><\/div><div class=\"fusion-fullwidth fullwidth-box fusion-builder-row-3 fusion-flex-container nonhundred-percent-fullwidth non-hundred-percent-height-scrolling\" style=\"--awb-border-radius-top-left:0px;--awb-border-radius-top-right:0px;--awb-border-radius-bottom-right:0px;--awb-border-radius-bottom-left:0px;--awb-flex-wrap:wrap;\" ><div class=\"fusion-builder-row fusion-row fusion-flex-align-items-stretch fusion-flex-content-wrap\" style=\"max-width:1296px;margin-left: calc(-8% \/ 2 );margin-right: calc(-8% \/ 2 );\"><div class=\"fusion-layout-column fusion_builder_column fusion-builder-column-4 fusion_builder_column_1_2 1_2 fusion-flex-column extra-padding\" style=\"--awb-padding-right:5em;--awb-padding-right-small:0px;--awb-bg-size:cover;--awb-width-large:50%;--awb-margin-top-large:0px;--awb-spacing-right-large:7.36%;--awb-margin-bottom-large:0px;--awb-spacing-left-large:7.36%;--awb-width-medium:50%;--awb-order-medium:0;--awb-spacing-right-medium:7.36%;--awb-spacing-left-medium:7.36%;--awb-width-small:100%;--awb-order-small:1;--awb-spacing-right-small:3.68%;--awb-spacing-left-small:3.68%;\"><div class=\"fusion-column-wrapper fusion-column-has-shadow fusion-flex-justify-content-flex-start fusion-content-layout-column\"><div class=\"fusion-text fusion-text-2\" style=\"--awb-text-transform:none;\"><h2>Qualit\u00e9 et durabilit\u00e9<\/h2>\n<\/div><div class=\"fusion-text fusion-text-3\" style=\"--awb-text-transform:none;\"><p>Notre devise est &#8220;la durabilit\u00e9 est quelque chose que l&#8217;on fait ensemble&#8221;, dans laquelle les personnes, notre plan\u00e8te et les objectifs commerciaux occupent une place centrale. Nous sommes conscients que notre fa\u00e7on de travailler a un impact sur les personnes et l&#8217;environnement. C&#8217;est pourquoi la durabilit\u00e9 joue un r\u00f4le important dans les choix et les consid\u00e9rations que nous faisons dans notre travail quotidien, mais aussi dans les projets et les ajustements futurs de nos activit\u00e9s commerciales.<\/p>\n<\/div><div ><a class=\"fusion-button button-flat fusion-button-default-size button-default fusion-button-default button-1 fusion-button-default-span fusion-button-default-type\" target=\"_self\" href=\"https:\/\/www.vanderplasgroup.com\/durabilite\/?lang=fr\"><span class=\"fusion-button-text awb-button__text awb-button__text--default\">Notre mission durable<\/span><\/a><\/div><\/div><\/div><div class=\"fusion-layout-column fusion_builder_column fusion-builder-column-5 fusion_builder_column_1_2 1_2 fusion-flex-column bg\" style=\"--awb-bg-image:url(&#039;https:\/\/www.vanderplasgroup.com\/wp-content\/uploads\/Duurzaamheid-Floral-Trade-Group-scaled.jpg&#039;);--awb-bg-size:cover;--awb-width-large:50%;--awb-margin-top-large:0px;--awb-spacing-right-large:7.36%;--awb-margin-bottom-large:0px;--awb-spacing-left-large:7.36%;--awb-width-medium:50%;--awb-order-medium:0;--awb-spacing-right-medium:7.36%;--awb-spacing-left-medium:7.36%;--awb-width-small:100%;--awb-order-small:0;--awb-spacing-right-small:3.68%;--awb-spacing-left-small:3.68%;\"><div class=\"fusion-column-wrapper fusion-column-has-shadow fusion-flex-justify-content-flex-start fusion-content-layout-column fusion-empty-column-bg-image fusion-column-has-bg-image\" data-bg-url=\"https:\/\/www.vanderplasgroup.com\/wp-content\/uploads\/Duurzaamheid-Floral-Trade-Group-scaled.jpg\"><img decoding=\"async\" class=\"fusion-empty-dims-img-placeholder fusion-no-large-visibility fusion-no-medium-visibility\" aria-label=\"Duurzaamheid Van der Plas Group\" src=\"data:image\/svg+xml,%3Csvg%20xmlns%3D%27http%3A%2F%2Fwww.w3.org%2F2000%2Fsvg%27%20width%3D%272560%27%20height%3D%271707%27%20viewBox%3D%270%200%202560%201707%27%3E%3Crect%20width%3D%272560%27%20height%3D%271707%27%20fill-opacity%3D%220%22%2F%3E%3C%2Fsvg%3E\"><\/div><\/div><\/div><\/div><div class=\"fusion-fullwidth fullwidth-box fusion-builder-row-4 fusion-flex-container nonhundred-percent-fullwidth non-hundred-percent-height-scrolling\" style=\"--awb-border-radius-top-left:0px;--awb-border-radius-top-right:0px;--awb-border-radius-bottom-right:0px;--awb-border-radius-bottom-left:0px;--awb-flex-wrap:wrap;\" ><div class=\"fusion-builder-row fusion-row fusion-flex-align-items-flex-start fusion-flex-content-wrap\" style=\"max-width:1320px;margin-left: calc(-10% \/ 2 );margin-right: calc(-10% \/ 2 );\"><div class=\"fusion-layout-column fusion_builder_column fusion-builder-column-6 fusion_builder_column_1_1 1_1 fusion-flex-column\" style=\"--awb-bg-size:cover;--awb-width-large:100%;--awb-margin-top-large:0px;--awb-spacing-right-large:4.5%;--awb-margin-bottom-large:0px;--awb-spacing-left-large:4.5%;--awb-width-medium:100%;--awb-order-medium:0;--awb-spacing-right-medium:4.5%;--awb-spacing-left-medium:4.5%;--awb-width-small:100%;--awb-order-small:0;--awb-spacing-right-small:4.5%;--awb-spacing-left-small:4.5%;\"><div class=\"fusion-column-wrapper fusion-column-has-shadow fusion-flex-justify-content-flex-start fusion-content-layout-column\"><div class=\"fusion-text fusion-text-4\" style=\"--awb-text-transform:none;\"><h2 style=\"text-align: center;\">Grandir et s\u2019\u00e9panouir<\/h2>\n<h2 style=\"text-align: center;\">en famille !<\/h2>\n<\/div><\/div><\/div><div class=\"fusion-layout-column fusion_builder_column fusion-builder-column-7 fusion_builder_column_1_3 1_3 fusion-flex-column\" style=\"--awb-bg-size:cover;--awb-width-large:33.333333333333%;--awb-margin-top-large:0px;--awb-spacing-right-large:13.5%;--awb-margin-bottom-large:0px;--awb-spacing-left-large:13.5%;--awb-width-medium:33.333333333333%;--awb-order-medium:0;--awb-spacing-right-medium:13.5%;--awb-spacing-left-medium:13.5%;--awb-width-small:100%;--awb-order-small:0;--awb-spacing-right-small:4.5%;--awb-spacing-left-small:4.5%;\"><div class=\"fusion-column-wrapper fusion-column-has-shadow fusion-flex-justify-content-flex-start fusion-content-layout-column\"><div class=\"fusion-text fusion-text-5\" style=\"--awb-text-transform:none;\"><h3>Concern\u00e9<\/h3>\n<p>Pur, authentique et engag\u00e9, c\u2019est ce que nous repr\u00e9sentons. Van der Plas Group veut \u00e9gayer le monde et avec sa gamme qui est l\u00e0 pour l\u2019amour, la joie et la peine. Bref, \u00e0 tous les moments de la vie qui vous touchent. Nous faisons la diff\u00e9rence en faisant un effort suppl\u00e9mentaire pour nos clients.<\/p>\n<\/div><\/div><\/div><div class=\"fusion-layout-column fusion_builder_column fusion-builder-column-8 fusion_builder_column_1_3 1_3 fusion-flex-column\" style=\"--awb-bg-size:cover;--awb-width-large:33.333333333333%;--awb-margin-top-large:0px;--awb-spacing-right-large:13.5%;--awb-margin-bottom-large:0px;--awb-spacing-left-large:13.5%;--awb-width-medium:33.333333333333%;--awb-order-medium:0;--awb-spacing-right-medium:13.5%;--awb-spacing-left-medium:13.5%;--awb-width-small:100%;--awb-order-small:0;--awb-spacing-right-small:4.5%;--awb-spacing-left-small:4.5%;\"><div class=\"fusion-column-wrapper fusion-column-has-shadow fusion-flex-justify-content-flex-start fusion-content-layout-column\"><div class=\"fusion-text fusion-text-6\" style=\"--awb-text-transform:none;\"><h3>Connection<\/h3>\n<p>Nous sommes le facteur de liaison. Nous connectons les fleurs, les plantes et la d\u00e9coration aux clients et les tendances aux consommateurs. Parce que nous nous sentons connect\u00e9s en tant que groupe, nous faisons ressortir le meilleur de chacun et nous sommes une \u00e9quipe gagnante.<\/p>\n<\/div><\/div><\/div><div class=\"fusion-layout-column fusion_builder_column fusion-builder-column-9 fusion_builder_column_1_3 1_3 fusion-flex-column\" style=\"--awb-bg-size:cover;--awb-width-large:33.333333333333%;--awb-margin-top-large:0px;--awb-spacing-right-large:13.5%;--awb-margin-bottom-large:0px;--awb-spacing-left-large:13.5%;--awb-width-medium:33.333333333333%;--awb-order-medium:0;--awb-spacing-right-medium:13.5%;--awb-spacing-left-medium:13.5%;--awb-width-small:100%;--awb-order-small:0;--awb-spacing-right-small:4.5%;--awb-spacing-left-small:4.5%;\"><div class=\"fusion-column-wrapper fusion-column-has-shadow fusion-flex-justify-content-flex-start fusion-content-layout-column\"><div class=\"fusion-text fusion-text-7\" style=\"--awb-text-transform:none;\"><h3 class=\"fusion-responsive-typography-calculated\" style=\"--fontsize: 28; line-height: 1;\" data-fontsize=\"28\" data-lineheight=\"28px\">Entreprenant<\/h3>\n<p>Nous sommes constamment en mouve- ment et \u00e0 la recherche d\u2019opportunit\u00e9s sur le march\u00e9. Ce faisant, nous sommes agiles, ing\u00e9nieux et inspir\u00e9s. En tant que fonceurs, nous r\u00e9agissons rapide- ment aux changements. Nous pensons gagnant-gagnant et exploitons les synergies au sein du groupe.<\/p>\n<\/div><\/div><\/div><\/div><\/div>\n<div class=\"fusion-fullwidth fullwidth-box fusion-builder-row-5 fusion-flex-container nonhundred-percent-fullwidth non-hundred-percent-height-scrolling\" style=\"--awb-border-radius-top-left:0px;--awb-border-radius-top-right:0px;--awb-border-radius-bottom-right:0px;--awb-border-radius-bottom-left:0px;--awb-flex-wrap:wrap;\" ><div class=\"fusion-builder-row fusion-row fusion-flex-align-items-stretch fusion-flex-content-wrap\" style=\"max-width:1296px;margin-left: calc(-8% \/ 2 );margin-right: calc(-8% \/ 2 );\"><div class=\"fusion-layout-column fusion_builder_column fusion-builder-column-10 fusion_builder_column_1_2 1_2 fusion-flex-column extra-padding\" style=\"--awb-padding-right:5em;--awb-padding-right-small:0px;--awb-bg-size:cover;--awb-width-large:50%;--awb-margin-top-large:0px;--awb-spacing-right-large:7.36%;--awb-margin-bottom-large:0px;--awb-spacing-left-large:7.36%;--awb-width-medium:50%;--awb-order-medium:0;--awb-spacing-right-medium:7.36%;--awb-spacing-left-medium:7.36%;--awb-width-small:100%;--awb-order-small:1;--awb-spacing-right-small:3.68%;--awb-spacing-left-small:3.68%;\"><div class=\"fusion-column-wrapper fusion-column-has-shadow fusion-flex-justify-content-flex-start fusion-content-layout-column\"><div class=\"fusion-text fusion-text-8\" style=\"--awb-text-transform:none;\"><h2>Fondation<\/h2>\n<\/div><div class=\"fusion-text fusion-text-9\" style=\"--awb-text-transform:none;\"><p>Par le biais de la Fondation de Van der Plas Group, qui a \u00e9t\u00e9 cr\u00e9\u00e9e en 2013, l&#8217;entreprise soutient les personnes dans le besoin et les projets sociaux dans les pays du tiers monde. Les projets de scolarisation et les micro-cr\u00e9dits pour les entrepreneurs d\u00e9butants en sont des exemples. Chaque ann\u00e9e, VDP Group apporte une contribution financi\u00e8re \u00e0 cette fondation, qui fonctionne enti\u00e8rement gr\u00e2ce \u00e0 des b\u00e9n\u00e9voles et dispose d&#8217;un conseil d&#8217;administration ind\u00e9pendant. Nos employ\u00e9s sont \u00e9troitement impliqu\u00e9s dans la proposition et la nomination des causes que nous soutenons en tant qu&#8217;entreprise.<\/p>\n<p><strong>Fondation Van der Plas Group<\/strong><br \/>\nLaan van Verhof 40 &#8211; 2231 BZ Rijnsburg<br \/>\nNum\u00e9ro RSIN\/Fiscal : 852679476<br \/>\nNum\u00e9ro de la Chambre de commerce : 56812639<\/p>\n<\/div><\/div><\/div><div class=\"fusion-layout-column fusion_builder_column fusion-builder-column-11 fusion_builder_column_1_2 1_2 fusion-flex-column bg\" style=\"--awb-bg-image:url(&#039;https:\/\/www.vanderplasgroup.com\/wp-content\/uploads\/Floral-Trade-Group-foundation-verkleind.jpg&#039;);--awb-bg-size:cover;--awb-width-large:50%;--awb-margin-top-large:0px;--awb-spacing-right-large:7.36%;--awb-margin-bottom-large:0px;--awb-spacing-left-large:7.36%;--awb-width-medium:50%;--awb-order-medium:0;--awb-spacing-right-medium:7.36%;--awb-spacing-left-medium:7.36%;--awb-width-small:100%;--awb-order-small:0;--awb-spacing-right-small:3.68%;--awb-spacing-left-small:3.68%;\" data-scroll-devices=\"small-visibility,medium-visibility,large-visibility\"><div class=\"fusion-column-wrapper fusion-column-has-shadow fusion-flex-justify-content-flex-start fusion-content-layout-column fusion-empty-column-bg-image fusion-column-has-bg-image\" data-bg-url=\"https:\/\/www.vanderplasgroup.com\/wp-content\/uploads\/Floral-Trade-Group-foundation-verkleind.jpg\"><img decoding=\"async\" class=\"fusion-empty-dims-img-placeholder fusion-no-large-visibility fusion-no-medium-visibility\" aria-label=\"Van der Plas Group foundation verkleind\" src=\"data:image\/svg+xml,%3Csvg%20xmlns%3D%27http%3A%2F%2Fwww.w3.org%2F2000%2Fsvg%27%20width%3D%272500%27%20height%3D%271667%27%20viewBox%3D%270%200%202500%201667%27%3E%3Crect%20width%3D%272500%27%20height%3D%271667%27%20fill-opacity%3D%220%22%2F%3E%3C%2Fsvg%3E\"><\/div><\/div><\/div><\/div><\/p>\n","protected":false},"excerpt":{"rendered":"","protected":false},"author":9,"featured_media":12459,"parent":0,"menu_order":0,"comment_status":"closed","ping_status":"closed","template":"100-width.php","meta":{"_acf_changed":false,"inline_featured_image":false,"footnotes":""},"class_list":["post-6554","page","type-page","status-publish","has-post-thumbnail","hentry"],"acf":{"titel":"\u00c0 propos de Van der Plas Group","_thumbnail_id":"https:\/\/www.vanderplasgroup.com\/wp-content\/uploads\/Website-foto-2-scaled.jpg","text":"<p>On ne grandit et ne prosp\u00e8re pas seul. Van der Plas Group est une famille d&#8217;entreprises depuis 1971. Chaque entreprise a sa propre identit\u00e9, mais ensemble, avec notre large gamme de fleurs, plantes et mat\u00e9riaux de d\u00e9coration, nous visons une croissance durable. Les valeurs fondamentales d&#8217;implication, de connexion et d&#8217;esprit d&#8217;entreprise sont essentielles \u00e0 cet \u00e9gard.<\/p>\n"},"yoast_head":"<!-- This site is optimized with the Yoast SEO plugin v27.5 - https:\/\/yoast.com\/product\/yoast-seo-wordpress\/ -->\n<title>Over Van der Plas Group | een familie van sierteeltbedrijven<\/title>\n<meta name=\"description\" content=\"Ieder bedrijf heeft zijn eigen identiteit en gezamenlijk zetten we met ons brede assortiment aan bloemen, planten en decoratie in op groei.\" \/>\n<meta name=\"robots\" content=\"index, follow, max-snippet:-1, max-image-preview:large, max-video-preview:-1\" \/>\n<link rel=\"canonical\" href=\"https:\/\/www.vanderplasgroup.com\/fr\/a-propos-de-vdp\/\" \/>\n<meta property=\"og:locale\" content=\"fr_FR\" \/>\n<meta property=\"og:type\" content=\"article\" \/>\n<meta property=\"og:title\" content=\"Over Van der Plas Group | een familie van sierteeltbedrijven\" \/>\n<meta property=\"og:description\" content=\"Ieder bedrijf heeft zijn eigen identiteit en gezamenlijk zetten we met ons brede assortiment aan bloemen, planten en decoratie in op groei.\" \/>\n<meta property=\"og:url\" content=\"https:\/\/www.vanderplasgroup.com\/fr\/a-propos-de-vdp\/\" \/>\n<meta property=\"og:site_name\" content=\"Van der Plas Group\" \/>\n<meta property=\"article:modified_time\" content=\"2025-03-03T10:27:29+00:00\" \/>\n<meta property=\"og:image\" content=\"https:\/\/www.vanderplasgroup.com\/wp-content\/uploads\/DSC_3523-684x1024.jpg\" \/>\n\t<meta property=\"og:image:width\" content=\"684\" \/>\n\t<meta property=\"og:image:height\" content=\"1024\" \/>\n\t<meta property=\"og:image:type\" content=\"image\/jpeg\" \/>\n<meta name=\"twitter:card\" content=\"summary_large_image\" \/>\n<meta name=\"twitter:label1\" content=\"Est. reading time\" \/>\n\t<meta name=\"twitter:data1\" content=\"4 minutes\" \/>\n<script type=\"application\/ld+json\" class=\"yoast-schema-graph\">{\"@context\":\"https:\\\/\\\/schema.org\",\"@graph\":[{\"@type\":\"WebPage\",\"@id\":\"https:\\\/\\\/www.vanderplasgroup.com\\\/fr\\\/a-propos-de-vdp\\\/\",\"url\":\"https:\\\/\\\/www.vanderplasgroup.com\\\/fr\\\/a-propos-de-vdp\\\/\",\"name\":\"Over Van der Plas Group | een familie van sierteeltbedrijven\",\"isPartOf\":{\"@id\":\"https:\\\/\\\/www.vanderplasgroup.com\\\/fr\\\/#website\"},\"primaryImageOfPage\":{\"@id\":\"https:\\\/\\\/www.vanderplasgroup.com\\\/fr\\\/a-propos-de-vdp\\\/#primaryimage\"},\"image\":{\"@id\":\"https:\\\/\\\/www.vanderplasgroup.com\\\/fr\\\/a-propos-de-vdp\\\/#primaryimage\"},\"thumbnailUrl\":\"https:\\\/\\\/www.vanderplasgroup.com\\\/wp-content\\\/uploads\\\/Website-foto-2-scaled.jpg\",\"datePublished\":\"2021-03-24T13:16:50+00:00\",\"dateModified\":\"2025-03-03T10:27:29+00:00\",\"description\":\"Ieder bedrijf heeft zijn eigen identiteit en gezamenlijk zetten we met ons brede assortiment aan bloemen, planten en decoratie in op groei.\",\"breadcrumb\":{\"@id\":\"https:\\\/\\\/www.vanderplasgroup.com\\\/fr\\\/a-propos-de-vdp\\\/#breadcrumb\"},\"inLanguage\":\"fr-FR\",\"potentialAction\":[{\"@type\":\"ReadAction\",\"target\":[\"https:\\\/\\\/www.vanderplasgroup.com\\\/fr\\\/a-propos-de-vdp\\\/\"]}]},{\"@type\":\"ImageObject\",\"inLanguage\":\"fr-FR\",\"@id\":\"https:\\\/\\\/www.vanderplasgroup.com\\\/fr\\\/a-propos-de-vdp\\\/#primaryimage\",\"url\":\"https:\\\/\\\/www.vanderplasgroup.com\\\/wp-content\\\/uploads\\\/Website-foto-2-scaled.jpg\",\"contentUrl\":\"https:\\\/\\\/www.vanderplasgroup.com\\\/wp-content\\\/uploads\\\/Website-foto-2-scaled.jpg\"},{\"@type\":\"BreadcrumbList\",\"@id\":\"https:\\\/\\\/www.vanderplasgroup.com\\\/fr\\\/a-propos-de-vdp\\\/#breadcrumb\",\"itemListElement\":[{\"@type\":\"ListItem\",\"position\":1,\"name\":\"Home\",\"item\":\"https:\\\/\\\/www.vanderplasgroup.com\\\/fr\\\/?lang=fr\"},{\"@type\":\"ListItem\",\"position\":2,\"name\":\"\u00c0 propos de VDP Group\"}]},{\"@type\":\"WebSite\",\"@id\":\"https:\\\/\\\/www.vanderplasgroup.com\\\/fr\\\/#website\",\"url\":\"https:\\\/\\\/www.vanderplasgroup.com\\\/fr\\\/\",\"name\":\"Van der Plas Group\",\"description\":\"\",\"potentialAction\":[{\"@type\":\"SearchAction\",\"target\":{\"@type\":\"EntryPoint\",\"urlTemplate\":\"https:\\\/\\\/www.vanderplasgroup.com\\\/fr\\\/?s={search_term_string}\"},\"query-input\":{\"@type\":\"PropertyValueSpecification\",\"valueRequired\":true,\"valueName\":\"search_term_string\"}}],\"inLanguage\":\"fr-FR\"}]}<\/script>\n<!-- \/ Yoast SEO plugin. -->","yoast_head_json":{"title":"Over Van der Plas Group | een familie van sierteeltbedrijven","description":"Ieder bedrijf heeft zijn eigen identiteit en gezamenlijk zetten we met ons brede assortiment aan bloemen, planten en decoratie in op groei.","robots":{"index":"index","follow":"follow","max-snippet":"max-snippet:-1","max-image-preview":"max-image-preview:large","max-video-preview":"max-video-preview:-1"},"canonical":"https:\/\/www.vanderplasgroup.com\/fr\/a-propos-de-vdp\/","og_locale":"fr_FR","og_type":"article","og_title":"Over Van der Plas Group | een familie van sierteeltbedrijven","og_description":"Ieder bedrijf heeft zijn eigen identiteit en gezamenlijk zetten we met ons brede assortiment aan bloemen, planten en decoratie in op groei.","og_url":"https:\/\/www.vanderplasgroup.com\/fr\/a-propos-de-vdp\/","og_site_name":"Van der Plas Group","article_modified_time":"2025-03-03T10:27:29+00:00","og_image":[{"width":684,"height":1024,"url":"https:\/\/www.vanderplasgroup.com\/wp-content\/uploads\/DSC_3523-684x1024.jpg","type":"image\/jpeg"}],"twitter_card":"summary_large_image","twitter_misc":{"Est. reading time":"4 minutes"},"schema":{"@context":"https:\/\/schema.org","@graph":[{"@type":"WebPage","@id":"https:\/\/www.vanderplasgroup.com\/fr\/a-propos-de-vdp\/","url":"https:\/\/www.vanderplasgroup.com\/fr\/a-propos-de-vdp\/","name":"Over Van der Plas Group | een familie van sierteeltbedrijven","isPartOf":{"@id":"https:\/\/www.vanderplasgroup.com\/fr\/#website"},"primaryImageOfPage":{"@id":"https:\/\/www.vanderplasgroup.com\/fr\/a-propos-de-vdp\/#primaryimage"},"image":{"@id":"https:\/\/www.vanderplasgroup.com\/fr\/a-propos-de-vdp\/#primaryimage"},"thumbnailUrl":"https:\/\/www.vanderplasgroup.com\/wp-content\/uploads\/Website-foto-2-scaled.jpg","datePublished":"2021-03-24T13:16:50+00:00","dateModified":"2025-03-03T10:27:29+00:00","description":"Ieder bedrijf heeft zijn eigen identiteit en gezamenlijk zetten we met ons brede assortiment aan bloemen, planten en decoratie in op groei.","breadcrumb":{"@id":"https:\/\/www.vanderplasgroup.com\/fr\/a-propos-de-vdp\/#breadcrumb"},"inLanguage":"fr-FR","potentialAction":[{"@type":"ReadAction","target":["https:\/\/www.vanderplasgroup.com\/fr\/a-propos-de-vdp\/"]}]},{"@type":"ImageObject","inLanguage":"fr-FR","@id":"https:\/\/www.vanderplasgroup.com\/fr\/a-propos-de-vdp\/#primaryimage","url":"https:\/\/www.vanderplasgroup.com\/wp-content\/uploads\/Website-foto-2-scaled.jpg","contentUrl":"https:\/\/www.vanderplasgroup.com\/wp-content\/uploads\/Website-foto-2-scaled.jpg"},{"@type":"BreadcrumbList","@id":"https:\/\/www.vanderplasgroup.com\/fr\/a-propos-de-vdp\/#breadcrumb","itemListElement":[{"@type":"ListItem","position":1,"name":"Home","item":"https:\/\/www.vanderplasgroup.com\/fr\/?lang=fr"},{"@type":"ListItem","position":2,"name":"\u00c0 propos de VDP Group"}]},{"@type":"WebSite","@id":"https:\/\/www.vanderplasgroup.com\/fr\/#website","url":"https:\/\/www.vanderplasgroup.com\/fr\/","name":"Van der Plas Group","description":"","potentialAction":[{"@type":"SearchAction","target":{"@type":"EntryPoint","urlTemplate":"https:\/\/www.vanderplasgroup.com\/fr\/?s={search_term_string}"},"query-input":{"@type":"PropertyValueSpecification","valueRequired":true,"valueName":"search_term_string"}}],"inLanguage":"fr-FR"}]}},"_links":{"self":[{"href":"https:\/\/www.vanderplasgroup.com\/fr\/wp-json\/wp\/v2\/pages\/6554","targetHints":{"allow":["GET"]}}],"collection":[{"href":"https:\/\/www.vanderplasgroup.com\/fr\/wp-json\/wp\/v2\/pages"}],"about":[{"href":"https:\/\/www.vanderplasgroup.com\/fr\/wp-json\/wp\/v2\/types\/page"}],"author":[{"embeddable":true,"href":"https:\/\/www.vanderplasgroup.com\/fr\/wp-json\/wp\/v2\/users\/9"}],"replies":[{"embeddable":true,"href":"https:\/\/www.vanderplasgroup.com\/fr\/wp-json\/wp\/v2\/comments?post=6554"}],"version-history":[{"count":0,"href":"https:\/\/www.vanderplasgroup.com\/fr\/wp-json\/wp\/v2\/pages\/6554\/revisions"}],"wp:featuredmedia":[{"embeddable":true,"href":"https:\/\/www.vanderplasgroup.com\/fr\/wp-json\/wp\/v2\/media\/12459"}],"wp:attachment":[{"href":"https:\/\/www.vanderplasgroup.com\/fr\/wp-json\/wp\/v2\/media?parent=6554"}],"curies":[{"name":"wp","href":"https:\/\/api.w.org\/{rel}","templated":true}]}}